{"id":1579,"date":"2017-02-25T21:04:42","date_gmt":"2017-02-25T20:04:42","guid":{"rendered":"http:\/\/anjafrick.srv01.k-secit.de\/wp\/?page_id=1579"},"modified":"2018-08-12T23:37:20","modified_gmt":"2018-08-12T21:37:20","slug":"datenschutzerklaerung","status":"publish","type":"page","link":"https:\/\/www.anja-frick.de\/?page_id=1579","title":{"rendered":"Datenschutzerkl\u00e4rung"},"content":{"rendered":"<div class=\"row\">\n<div class=\"col-xs-12\">\n<div class=\"well\">\n<p>Informationen nach Art. 13, 14 und 21 EU Datenschutz-Grundverordnung \u2013 DSGVO.<\/p>\n<h3>Pr\u00e4ambel<\/h3>\n<p>Hiermit informieren wir Sie \u00fcber die Verarbeitung Ihrer personenbezogenen Daten durch uns und die Ihnen nach den datenschutzrechtlichen Regelungen zustehenden Anspr\u00fcche und Rechte. Welche Daten im Einzelnen verarbeitet und in welcher Weise genutzt werden, richtet sich ma\u00dfgeblich nach den jeweils von Ihnen beantragten bzw. mit Ihnen vereinbarten Dienstleistungen.<\/p>\n<h3>1. Wer ist f\u00fcr die Datenverarbeitung verantwortlich und an wen kann ich mich wenden?<\/h3>\n<p>Verantwortlicher ist:<\/p>\n<p>die fotografin<br \/>\nAnja Frick<br \/>\nHolztorstra\u00dfe 47<br \/>\n31157 Sarstedt<br \/>\ninfo@anja-frick.de<\/p>\n<h3>2. Welche Quellen und Daten nutzen wir?<\/h3>\n<p>Wir verarbeiten personenbezogene Daten, die wir im Rahmen unserer Gesch\u00e4ftsbeziehung von Ihnen erhalten. Zudem verarbeiten wir , soweit f\u00fcr die Erbringung unserer Dienstleistung erforderlich , personenbezogene Daten, die wir von anderen Stellen (z.B. den Einrichtungen in denen wir fotografieren, wie Schulen und Kitas) zul\u00e4ssigerweise (z.B. zur Ausf\u00fchrung von Auftr\u00e4gen, zur Erf\u00fcllung von Vertr\u00e4gen oder aufgrund einer von Ihnen erteilten Einwilligung) erhalten haben. Zum anderen verarbeiten wir personenbezogene Daten, die wir aus \u00f6ffentlich zug\u00e4nglichen Quellen (z.B. Schuldnerverzeichnisse, Presse, Medien) zul\u00e4ssigerweise gewonnen haben und verarbeiten d\u00fcrfen. Relevante personenbezogene Daten sind Personalien und Kontaktdaten (Name, Adresse, Telefonnummer und E-Mail-Adresse). Dar\u00fcber hinaus k\u00f6nnen dies auch Auftragsdaten oder Daten aus der Erf\u00fcllung unserer vertraglichen Verpflichtungen, wie Werbe- und Vertriebsdaten, Dokumentationsdaten, Daten \u00fcber Ihre Nutzung von unseren angebotenen Telemedien sowie andere mit den genannten Kategorien vergleichbare Daten sein.<\/p>\n<h3>3. Wof\u00fcr verarbeiten wir Ihre Daten (Zweck der Verarbeitung) und auf welcher Rechtsgrundlage?<\/h3>\n<p>Wir verarbeiten personenbezogene Daten im Einklang mit den Bestimmungen der Europ\u00e4ischen Datenschutz-Grundverordnung (DSGVO) und dem Bundesdatenschutzgesetz (BDSG).<\/p>\n<h4>3.1. Zur Erf\u00fcllung von vertraglichen Pflichten (Art. 6 Abs. 1 lit. b DSGVO)<\/h4>\n<p>Die Verarbeitung personenbezogener Daten erfolgt zur Erbringung der Dienstleistung als Fotograf und dem damit verbundenen Verkauf von gemachten Bildern und deren elektronischer \u00dcbermittlung oder Produktion dieser auf Fotoprodukten und Versand an Kunden sowie insbesondere auch zur Durchf\u00fchrung unserer Vertr\u00e4ge oder vorvertraglichen Ma\u00dfnahmen mit Ihnen und der Ausf\u00fchrung Ihrer Auftr\u00e4ge. Die Zwecke der Datenverarbeitung richten sich in erster Linie Pflichten aus dem Kaufvertrag, den Sie mit uns durch Bestellung in unserem Shop eingehen und k\u00f6nnen unter anderem Erinnerung zu wichtigen Events umfassen. Die weiteren Einzelheiten zum Zweck der Datenverarbeitung k\u00f6nnen Sie den jeweiligen Gesch\u00e4ftsbedingungen entnehmen.<\/p>\n<h4>3.2. Im Rahmen der Interessenabw\u00e4gung (Art. 6 Abs. 1 lit. f DSGVO)<\/h4>\n<p>Soweit erforderlich, verarbeiten wir Ihre Daten \u00fcber die eigentliche Erf\u00fcllung des Vertrages hinaus zur Wahrung berechtigter Interessen von uns oder Dritten. F\u00fcr: \u2013 Werbung oder Markt- und Meinungsforschung, soweit Sie der Nutzung Ihrer Daten nicht widersprochen haben; Geltendmachung rechtlicher Anspr\u00fcche und Verteidigung bei rechtlichen Streitigkeiten; Gew\u00e4hrleistung der IT-Sicherheit; Verhinderung und Aufkl\u00e4rung von Straftaten; Ma\u00dfnahmen zur Gesch\u00e4ftssteuerung und Weiterentwicklung von Dienstleistungen und Produkten.<\/p>\n<p>Sollten wir auf Veranstaltungen t\u00e4tig sein, bei denen unsere fotografischen Dienstleistungen zur Bildaufnahme in Anspruch genommen wurden, verarbeiten wir die dort gewonnenen personenbezogenen Daten aufgrund des berechtigten Interesses, den uns erteilten Auftrag auszuf\u00fchren und diese zum Erwerb anzubieten. Sollte dies der Fall sein, so haben wir w\u00e4hrend der Veranstaltung auf die Fotografie der anwesenden Personen hingewiesen, ebenso wie auf ein Widerspruchsrecht. Bitte beachten Sie, dass ein Widerspruch erst in der Zukunft wirkt. Alle bis dahin vorgenommenen Verarbeitungen bleiben davon unber\u00fchrt.<\/p>\n<h4>3.3. Aufgrund Ihrer Einwilligung (Art. 6 Abs. 1 lit. a DSGVO)<\/h4>\n<p>Soweit Sie uns eine Einwilligung zur Verarbeitung von personenbezogenen Daten f\u00fcr bestimmte Zwecke (z. B. Ver\u00f6ffentlichung oder Nutzung von Bildern) erteilt haben, ist die Rechtm\u00e4\u00dfigkeit dieser Verarbeitung auf Basis Ihrer Einwilligung gegeben. Eine erteilte Einwilligung kann jederzeit mit Wirkung f\u00fcr die Zukunft widerrufen werden. Bitte beachten Sie, dass der Widerruf erst f\u00fcr die Zukunft wirkt. Verarbeitungen, die vor dem Widerruf erfolgt sind, sind davon nicht betroffen.<\/p>\n<p>&nbsp;<\/p>\n<h3>4. Wer bekommt meine Daten?<\/h3>\n<p>Von uns eingesetzte Auftragsverarbeiter (Art. 28 DSGVO) k\u00f6nnen zu diesen genannten Zwecken Daten erhalten. Dies sind Unternehmen in den Kategorien [IT-Dienstleistungen, Produktion von Fotoprodukten, Logistik, Telekommunikation und Inkasso]. Eine Datenweitergabe an Empf\u00e4nger au\u00dferhalb Die Schulfotografen GbR erfolgt nur, wenn gesetzliche Bestimmungen dies gebieten, Sie eingewilligt haben oder wir zur Erteilung einer Auskunft befugt sind. Unter diesen Voraussetzungen k\u00f6nnen Empf\u00e4nger personenbezogener Daten z. B. sein: \u2013 \u00f6ffentliche Stellen und Institutionen (z. B. Aufsichtsbeh\u00f6rden) bei Vorliegen einer gesetzlichen oder beh\u00f6rdlichen Verpflichtung. \u2013 Weitere Datenempf\u00e4nger k\u00f6nnen diejenigen Stellen sein, f\u00fcr die Sie uns Ihre Einwilligung zur Daten\u00fcbermittlung erteilt haben oder Einwilligung befreit haben.<\/p>\n<p><strong>5. Wie lange werden meine Daten gespeichert?<\/strong><\/p>\n<p>Soweit erforderlich, verarbeiten und speichern wir Ihre personenbezogenen Daten soweit es erforderlich ist, um den Pflichten aus unseren Vertr\u00e4gen nachzukommen. Dar\u00fcber hinaus unterliegen wir verschiedenen Aufbewahrungs- und Dokumentationspflichten, die sich unter anderem aus dem Handelsgesetzbuch (HGB) und der Abgabenordnung (AO) ergeben. Die dort vorgegebenen Fristen zur Aufbewahrung bzw. Dokumentation betragen zwei bis zehn Jahre. Schlie\u00dflich beurteilt sich die Speicherdauer auch nach den gesetzlichen Verj\u00e4hrungsfristen, die zum Beispiel nach den \u00df\u00df 195 ff. des B\u00fcrgerlichen Gesetzbuches (BGB) in der Regel 3 Jahre.<\/p>\n<h3>6. Werden Daten in ein Drittland oder an eine internationale Organisation \u00fcbermittelt?<\/h3>\n<p>Eine Daten\u00fcbermittlung in Drittstaaten (Staaten au\u00dferhalb des Europ\u00e4ischen Wirtschaftsraums ,EWR) findet nur statt, soweit dies zur Ausf\u00fchrung der mit Ihnen geschlossenen Vertr\u00e4ge erforderlich oder gesetzlich vorgeschrieben ist oder Sie uns Ihre Einwilligung erteilt haben. \u00dcber Einzelheiten werden wir Sie, sofern gesetzlich vorgegeben, gesondert informieren.<\/p>\n<h3>7. Welche Datenschutzrechte haben Sie?<\/h3>\n<p>Jede betroffene Person hat das Recht auf Auskunft nach Art. 15 DSGVO, das Recht auf Berichtigung nach Art. 16 DSGVO, das Recht auf L\u00f6schung nach Art. 17 DSGVO, das Recht auf Einschr\u00e4nkung der Verarbeitung nach Art. 18 DSGVO sowie das Recht auf Daten\u00fcbertragbarkeit aus Art. 20 DSGVO. Beim Auskunftsrecht und beim L\u00f6schungsrecht gelten die Einschr\u00e4nkungen nach \u00df\u00df 34 und 35 BDSG. Dar\u00fcber hinaus besteht ein Beschwerderecht bei einer Datenschutzaufsichtsbeh\u00f6rde (Art. 77 DSGVO).<\/p>\n<h3>8. Besteht f\u00fcr mich eine Pflicht zur Bereitstellung von Daten?<\/h3>\n<p>Im Rahmen unserer Gesch\u00e4ftsbeziehung m\u00fcssen Sie nur diejenigen personenbezogenen Daten bereitstellen, die f\u00fcr die Begr\u00fcndung, Durchf\u00fchrung und Beendigung einer Gesch\u00e4ftsbeziehung erforderlich sind oder zu deren Erhebung wir gesetzlich verpflichtet sind. Ohne diese Daten werden wir in der Regel den Abschluss des Vertrages oder die Ausf\u00fchrung des Auftrages ablehnen m\u00fcssen oder einen bestehenden Vertrag nicht mehr durchf\u00fchren k\u00f6nnen und ggf. beenden m\u00fcssen. Weiterhin ist es uns zur Erbringung kostenpflichtiger Leistungen notwendig, zus\u00e4tzliche Daten zu erfragen, wie die von Ihnen gew\u00fcnschte Zahlungsart zu verarbeiten.<\/p>\n<h3>9. Benachrichtigung \u00fcber wichtige Ereignisse<\/h3>\n<p>Bei der Anmeldung zum Bezug unserer Benachrichtigung per E-Mail und \/oder SMS werden die von Ihnen angegebenen Daten ausschlie\u00dflich f\u00fcr diesen Zweck verwendet. Hierzu protokollieren wir Ihre Einwilligung in den Erhalt der Benachrichtigung inklusive Ihrer IP-Adresse. Weitere Daten werden nicht erhoben. Die Daten werden ausschlie\u00dflich f\u00fcr den Versand von Benachrichtigungen verwendet und werden an Dritte nur zum Zwecke der Auslieferung weitergegeben. Die Einwilligung zur Verarbeitung Ihrer personenbezogener Daten und ihrer Nutzung f\u00fcr den Versand von Benachrichtigungen k\u00f6nnen Sie jederzeit widerrufen. In jeder Benachrichtigung findet sich dazu ein entsprechender Link, dar\u00fcber hinaus k\u00f6nnen Sie jederzeit Widerspruch per Mail an info@anja-frick.de. Bitte beachten Sie, dass der Widerruf erst f\u00fcr die Zukunft wirkt. Verarbeitungen, die vor dem Widerruf erfolgt sind, sind davon nicht betroffen.<\/p>\n<h3>10. Funktionen von Drittanbietern<\/h3>\n<h4>10.1. Cookies<\/h4>\n<h5>Was sind Cookies?<\/h5>\n<p>\u201eCookies\u201c sind Textdateien, die auf Ihrem Computer gespeichert werden und die eine Analyse der Benutzung der Webseite durch Sie erm\u00f6glichen.<\/p>\n<h5>Was genau machen Cookies?<\/h5>\n<p>Die durch das Cookie erzeugten Informationen \u00fcber Ihre Benutzung dieser Webseite werden in der Regel an einen Server \u00fcbertragen und dort gespeichert. Aufgrund der Aktivierung der IP-Anonymisierung auf einigen Webseiten, wird Ihre IP-Adresse jedoch innerhalb von Mitgliedstaaten der Europ\u00e4ischen Union oder in anderen Vertragsstaaten des Abkommens \u00fcber den Europ\u00e4ischen Wirtschaftsraum mitunter zuvor gek\u00fcrzt. Je nach Dienstleister wird eine solche IP-Adresse gek\u00fcrzt gespeichert.<\/p>\n<h5>Wozu werden die \u00fcbertragenen Daten genutzt?<\/h5>\n<p>Im Auftrag von die fotografin Anja Frick wird der Drittanbieter diese Informationen benutzen, um Ihre Nutzung der Webseite auszuwerten, um Reports \u00fcber die Webseitenaktivit\u00e4ten zusammenzustellen und um weitere mit der Webseitennutzung und der Internetnutzung verbundene Dienstleistungen gegen\u00fcber dem Webseitenbetreiber zu erbringen.<\/p>\n<h5>Wie kann man Cookies ausschalten?<\/h5>\n<p>Sie k\u00f6nnen die Speicherung der Cookies durch eine entsprechende Einstellung Ihrer Browser-Software verhindern; wir weisen Sie jedoch darauf hin, dass Sie in diesem Fall gegebenenfalls nicht s\u00e4mtliche Funktionen dieser Webseite vollumf\u00e4nglich nutzen k\u00f6nnen. Welche Drittanbieter-Cookies werden verwendet?<\/p>\n<h1>Information \u00fcber Ihr Widerspruchsrecht<\/h1>\n<p>nach Art. 21 DS-GVO<\/p>\n<h3>1. Allgemeines Widerspruchsrecht<\/h3>\n<p>Sie haben das Recht, aus Gr\u00fcnden, die sich aus Ihrer besonderen Situation ergeben, jederzeit gegen die Verarbeitung Sie betreffender personenbezogener Daten, die aufgrund von Art. 6 Abs. 1 lit. f der DSGVO (Datenverarbeitung auf der Grundlage einer Interessenabw\u00e4gung) erfolgt, Widerspruch einzulegen. Legen Sie Widerspruch ein, werden wir Ihre personenbezogenen Daten nicht mehr verarbeiten, es sei denn, wir k\u00f6nnen zwingende schutzw\u00fcrdige Gr\u00fcnde f\u00fcr die Verarbeitung nachweisen, die Ihre Interessen, Rechte und Freiheiten \u00fcberwiegen oder die Verarbeitung dient der Geltendmachung, Aus\u00fcbung oder Verteidigung von Rechtsanspr\u00fcchen.<\/p>\n<h3>2. Widerspruchsrecht gegen eine Verarbeitung von Daten f\u00fcr Zwecke der Direktwerbung<\/h3>\n<p>In Einzelf\u00e4llen verarbeiten wir Ihre personenbezogenen Daten, um Direktwerbung zu betreiben. Sie haben das Recht, jederzeit Widerspruch gegen die Verarbeitung Sie betreffender personenbezogener Daten zum Zwecke derartiger Werbung einzulegen. Widersprechen Sie der Verarbeitung f\u00fcr Zwecke der Direktwerbung, so werden wir Ihre personenbezogenen Daten nicht mehr f\u00fcr diese Zwecke verarbeiten. Der Widerspruch muss schriftlich per E-Mail an folgenden Ansprechpartner gerichtet sein:<\/p>\n<p>die fotografin Anja Frick<\/p>\n<p>info@anja-frick.de<\/p>\n<\/div>\n<\/div>\n<\/div>\n","protected":false},"excerpt":{"rendered":"<p>Informationen nach Art. 13, 14 und 21 EU Datenschutz-Grundverordnung \u2013 DSGVO. Pr\u00e4ambel Hiermit informieren wir Sie \u00fcber die..<\/p>\n","protected":false},"author":1,"featured_media":0,"parent":0,"menu_order":0,"comment_status":"closed","ping_status":"closed","template":"","meta":{"footnotes":""},"class_list":["post-1579","page","type-page","status-publish","hentry"],"_links":{"self":[{"href":"https:\/\/www.anja-frick.de\/index.php?rest_route=\/wp\/v2\/pages\/1579","targetHints":{"allow":["GET"]}}],"collection":[{"href":"https:\/\/www.anja-frick.de\/index.php?rest_route=\/wp\/v2\/pages"}],"about":[{"href":"https:\/\/www.anja-frick.de\/index.php?rest_route=\/wp\/v2\/types\/page"}],"author":[{"embeddable":true,"href":"https:\/\/www.anja-frick.de\/index.php?rest_route=\/wp\/v2\/users\/1"}],"replies":[{"embeddable":true,"href":"https:\/\/www.anja-frick.de\/index.php?rest_route=%2Fwp%2Fv2%2Fcomments&post=1579"}],"version-history":[{"count":5,"href":"https:\/\/www.anja-frick.de\/index.php?rest_route=\/wp\/v2\/pages\/1579\/revisions"}],"predecessor-version":[{"id":1627,"href":"https:\/\/www.anja-frick.de\/index.php?rest_route=\/wp\/v2\/pages\/1579\/revisions\/1627"}],"wp:attachment":[{"href":"https:\/\/www.anja-frick.de\/index.php?rest_route=%2Fwp%2Fv2%2Fmedia&parent=1579"}],"curies":[{"name":"wp","href":"https:\/\/api.w.org\/{rel}","templated":true}]}}